{"id":1965,"date":"2018-07-24T11:42:28","date_gmt":"2018-07-24T09:42:28","guid":{"rendered":"https:\/\/p463593.webspaceconfig.de\/?page_id=1965"},"modified":"2018-07-31T11:58:33","modified_gmt":"2018-07-31T09:58:33","slug":"ebeveynler-veliler-icin","status":"publish","type":"page","link":"https:\/\/efb-berlin.de\/tr\/danismanlik-sistemimiz-nasil-calisiyor\/ebeveynler-veliler-icin\/","title":{"rendered":"Ebeveynler (Veliler) i\u00e7in"},"content":{"rendered":"<p>Ebeveynler \u00e7ok farkl\u0131 ki\u015filer olabilirler.<br \/>\nBiz, e\u011fitim ve aile dan\u0131\u015fma merkezleri i\u00e7in Ebeveyn kavram\u0131n\u0131n anlam\u0131:<\/p>\n<ul>\n<li>\u00c7ocuklar\u0131n\u0131 birlikte ya da tek ba\u015flar\u0131na yeti\u015ftirmelerine bak\u0131lmaks\u0131z\u0131n<br \/>\nAnne ve babalar<\/li>\n<li>Hen\u00fcz \u00e7ocuklar\u0131 do\u011fmam\u0131\u015f hamilelik s\u00fcrecindeki \u00e7iftler<\/li>\n<li>Evlat edinmi\u015f veya koruyucu aileler<\/li>\n<li>\u0130ki anneli ya da iki babal\u0131 G\u00f6kku\u015fa\u011f\u0131 aileleri ve onlar\u0131n \u00e7ocuklar\u0131<br \/>\nFarkl\u0131 ili\u015fkilerden olma \u00e7ocuklar\u0131yla birlikte ya\u015fayan yamal\u0131 aileler<\/li>\n<\/ul>\n<h2>E\u011fitim ve aile dan\u0131\u015fma merkezleri size yard\u0131mc\u0131 olur<\/h2>\n<p>E\u011fitim ve aile dan\u0131\u015fma merkezlerimiz size uygun destek sunarlar.<br \/>\n\u00dcstelik sorunlar\u0131n\u0131z ister g\u00fcnl\u00fck aile tart\u0131\u015fmalar\u0131 hakk\u0131nda ya da \u00e7ocuk yeti\u015ftirmeye y\u00f6nelik olsun.<br \/>\nVeya aileniz i\u00e7inde ya\u015fanan b\u00fcy\u00fck krizlerde, dan\u0131\u015fmanlar\u0131m\u0131z size durumunuzu d\u00fczeltmeniz i\u00e7in gerekli deste\u011fi sa\u011flarlar.<br \/>\n\u00c7o\u011fu zaman bunu i\u00e7in az say\u0131da dan\u0131\u015fma-g\u00f6r\u00fc\u015fmeleri yeterli olur.<br \/>\n\u00d6rne\u011fin dan\u0131\u015fma-g\u00f6r\u00fc\u015fmelerinde \u015funlar\u0131 birlikte g\u00f6zden ge\u00e7irebilirsiniz:<\/p>\n<ul>\n<li>T\u00fcm aile bireylerinin daha iyi hissetmesi i\u00e7in durum nas\u0131l de\u011fi\u015ftirilebilir?<\/li>\n<li>Her bir aile \u00fcyesi, ailenin g\u00fcndelik hayat\u0131n\u0131n tekrar daha iyi duruma gelebilmesi i\u00e7in nas\u0131l davranmal\u0131lar?<\/li>\n<li>Aile mevcut krizden kurtulabilmek i\u00e7in ne gibi ilave deste\u011fe ihtiya\u00e7 duymaktad\u0131r?<\/li>\n<\/ul>\n<p>T\u00fcm aileler, \u00e7ocuklar\u0131n ve gen\u00e7lerin yeti\u015ftirilmesinin genellikle zor bir g\u00f6rev oldu\u011funu bilirler.<br \/>\nAma belki de \u00e7ok emin de\u011filsinizdir ve bu s\u00fcre\u00e7te kendinize sorular soruyorsunuzdur.<br \/>\nMesela:<\/p>\n<ul>\n<li>\u00c7ocuk yeti\u015ftirirken her \u015feyi do\u011fru yap\u0131p yapmad\u0131\u011f\u0131n\u0131zdan emin olmayabilirsiniz<\/li>\n<li>\u00c7ocu\u011funuzun davran\u0131\u015flar\u0131n\u0131n normal olup olmad\u0131\u011f\u0131ndan emin olmayabilirsiniz.<\/li>\n<\/ul>\n<h2>Ebeveynler olarak yaln\u0131z de\u011filsiniz<\/h2>\n<p>\u00c7al\u0131\u015fanlar\u0131m\u0131z size a\u015fa\u011f\u0131daki durumlarda destek olurlar:<\/p>\n<ul>\n<li>\u00c7ocuklar\u0131n\u0131z\u0131n daha iyi yeti\u015ftirilmesi konusunda ebeveynler olarak tart\u0131\u015f\u0131yorsunuz.<\/li>\n<li>Ebeveynler olarak \u00e7ocu\u011funuzla ya da \u00e7ocuklar\u0131n\u0131zla problemler ya\u015f\u0131yorsunuz.<\/li>\n<li>Birlikteli\u011finizde problemler ya\u015f\u0131yorsunuz ve ayr\u0131lmay\u0131 ya da bo\u015fanmay\u0131 d\u00fc\u015f\u00fcn\u00fcyorsunuz.<\/li>\n<li>Bu sorunlardan birine ya da daha fazlas\u0131na \u201cevet\u201d cevab\u0131 veriyor musunuz?<\/li>\n<li>halde dan\u0131\u015fma merkezlerimizden birinden destek alabilirsiniz.<\/li>\n<li>Ebeveyn olarak ya\u015fant\u0131n\u0131z\u0131 stresli buluyor musunuz?<\/li>\n<li>Bazen g\u00fcnl\u00fck hayat\u0131n\u0131zla ba\u015fa \u00e7\u0131kamad\u0131\u011f\u0131n\u0131z\u0131 d\u00fc\u015f\u00fcn\u00fcyor musunuz?<\/li>\n<li>\u00c7ocuklar\u0131n\u0131zdan bir ya da birka\u00e7\u0131yla b\u00fcy\u00fck problemleriniz var m\u0131?<\/li>\n<li>Ailenizde ya\u015fanan \u015fiddet nedeniyle kendinizi \u00e7aresiz hissediyor musunuz?<\/li>\n<li>\u0130li\u015fkinizde kavgalar ya\u015fan\u0131yor ve bu nedenle ayr\u0131lmay\u0131 ya da bo\u015fanmay\u0131 d\u00fc\u015f\u00fcn\u00fcyor musunuz?<\/li>\n<\/ul>\n<h2>E\u011fitim-Dan\u0131\u015fma Merkezinin size teklifi<\/h2>\n<p>E\u011fitim dan\u0131\u015fma merkezi, \u00e7ocuk yeti\u015ftirirken kendinizden emin ve \u00f6zg\u00fcvenli olman\u0131z konusunda sizi destekler. \u00c7al\u0131\u015fanlar\u0131m\u0131z alanlar\u0131nda uzman ki\u015filerdir.<br \/>\n\u00d6rne\u011fin \u015fu konular\u0131 gayet iyi bilirler:<\/p>\n<ul>\n<li>\u00e7ocuklar ve gen\u00e7lerin belirli ya\u015f gruplar\u0131nda nas\u0131l davran\u0131\u015flar g\u00f6sterdiklerini,<\/li>\n<li>\u00e7ocuklar ve gen\u00e7lerin belirli ya\u015f gruplar\u0131nda neler istediklerini,<\/li>\n<li>ve ne t\u00fcr bir yak\u0131nl\u0131k ve \u00f6zene ihtiya\u00e7 duyarlar.<\/li>\n<\/ul>\n<p>Birlikte ger\u00e7ekle\u015ftirece\u011finiz bir dan\u0131\u015fma g\u00f6r\u00fc\u015fmesinde:<\/p>\n<ul>\n<li>hangi kurallar\u0131n daha anlaml\u0131 oldu\u011funu ve \u00e7ocuklar\u0131n\u0131za bu kurallar\u0131 nas\u0131l a\u00e7\u0131klayaca\u011f\u0131n\u0131z\u0131,<\/li>\n<li>\u00e7ocu\u011funuzun meydan okumalar\u0131yla nas\u0131l ba\u015fa \u00e7\u0131kaca\u011f\u0131n\u0131z\u0131,<\/li>\n<li>karde\u015fler-\u00e7ocuklar aras\u0131ndaki kavgalarla nas\u0131l ba\u015fa \u00e7\u0131kaca\u011f\u0131n\u0131z\u0131,<\/li>\n<li>\u00e7ocu\u011funuzun okul problemleri konusunda ne yapabilece\u011finizi,<\/li>\n<li>blu\u011f \u00e7a\u011f\u0131n\u0131n (ergenli\u011fin) \u00e7ocu\u011funuzun duygular\u0131n\u0131 ve davran\u0131\u015flar\u0131n\u0131 nas\u0131l etkiledi\u011fini,<\/li>\n<li>\u00e7ocu\u011funuz \u00f6zg\u00fcrle\u015fip siz anne-babalar\u0131ndan ba\u011f\u0131ms\u0131z olmak istedi\u011finde nelere dikkat edece\u011finizi \u00f6\u011freneceksiniz.<\/li>\n<\/ul>\n<p>\u00c7ocuklar\u0131n\u0131z\u0131n sa\u011fl\u0131\u011f\u0131 konusunda endi\u015fe duyuyorsan\u0131z,<br \/>\nya da \u00e7ocuklar\u0131n\u0131zla ilgili her \u015feyin yolunda oldu\u011fundan emin de\u011filseniz bize gelin.<\/p>\n<p>\u00d6rne\u011fin, a\u015fa\u011f\u0131daki listeden birini ya da daha fazlas\u0131n\u0131 g\u00f6zlediniz mi?<\/p>\n<ul>\n<li>\u00c7ocu\u011funuzun sa\u011fl\u0131k problemleri var ancak t\u0131bbi ara\u015ft\u0131rmalar sonucunda herhangi bir neden bulunamad\u0131.<\/li>\n<li>\u00c7ocu\u011funuz kendi ya\u015f\u0131tlar\u0131ndan farkl\u0131 davran\u0131\u015flar sergiliyor.<\/li>\n<li>\u00c7ocu\u011funuz ba\u015fka \u00e7ocuklarla oynamak veya konu\u015fmak istedi\u011finde problemler ya\u015f\u0131yor.<\/li>\n<li>\u00c7ocu\u011funuz \u015fiddete veya suistimale maruz kald\u0131.<\/li>\n<li>\u00c7ocu\u011funuz kendini \u00f6ld\u00fcrmek istiyor,<br \/>\nveya siz \u00e7ocu\u011funuzun kendini \u00f6ld\u00fcrece\u011finden korkuyorsunuz.<\/li>\n<\/ul>\n<h2>Aile Dan\u0131\u015fma Merkezi\u2019nin Teklifi<\/h2>\n<p>Baz\u0131 konularda sunaca\u011f\u0131m\u0131z bir destek i\u00e7in dan\u0131\u015fmanlar\u0131m\u0131z\u0131n t\u00fcm ailenizi tan\u0131mas\u0131 \u00f6nemlidir.<br \/>\n\u00d6rne\u011fin, aile hayat\u0131nda problemler veya de\u011fi\u015fiklikler oldu\u011funda bu t\u00fcm aile \u00fcyelerini etkiler.<br \/>\nAile Dan\u0131\u015fma Merkezlerimizin \u00f6nerileri a\u015fa\u011f\u0131daki durumlarda size yard\u0131mc\u0131 olur:<\/p>\n<ul>\n<li>Ailede s\u00fcrekli k\u00f6t\u00fc bir ruh hali h\u00fck\u00fcm s\u00fcr\u00fcyorsa,<\/li>\n<li>Aile \u00fcyeleri birbirleriyle hi\u00e7 konu\u015fmuyor ya da en az\u0131ndan ailenin g\u00fcnl\u00fck hayat\u0131n\u0131 s\u00fcrd\u00fcrebilecek kadar konu\u015fmuyorlarsa,<\/li>\n<li>Ailenin g\u00fcnl\u00fck hayat\u0131n\u0131 daha iyi s\u00fcrd\u00fcrebilmek i\u00e7in yeni kurallar gerekiyorsa.<\/li>\n<\/ul>\n<p>Bazen, a\u015fa\u011f\u0131daki durumlarda koyman\u0131z gereken yeni kurallar\u0131n, \u00e7ocuklar\u0131n\u0131z ve di\u011fer aile bireyleri taraf\u0131ndan iyi anla\u015f\u0131labilmesi i\u00e7in siz ebeveynlerin yard\u0131ma ihtiyac\u0131 olabilir.<\/p>\n<ul>\n<li>Ailenizdeki b\u00fct\u00fcn bireyleri etkileyen bir kriz meydana gelmi\u015fse.<\/li>\n<li>Yeni bir aile bir araya olu\u015fturuyorsunuz.<br \/>\nYani farkl\u0131 ili\u015fkilerinizden olma \u00e7ocuklar\u0131n\u0131zla birlikte bir \u00e7ift olarak birlikte ya\u015famak istiyorsan\u0131z.<\/li>\n<\/ul>\n<h2>Ayr\u0131lma ve Bo\u015fanmalarda dan\u0131\u015fmanl\u0131k<\/h2>\n<p>Anne babalar ayr\u0131ld\u0131klar\u0131nda ya da bo\u015fand\u0131klar\u0131nda bu genellikle b\u00fct\u00fcn aile bireyleri i\u00e7in zor bir durum yarat\u0131r.\u00c7o\u011fu zaman \u00e7ocuklar birdenbire iki ayr\u0131 evleri olduklar\u0131 i\u00e7in problemler ya\u015farlar.<br \/>\nVe hen\u00fcz yeni g\u00fcnl\u00fck aile hayatlar\u0131n\u0131n nas\u0131l olaca\u011f\u0131n\u0131 tam olarak bilemezler.<br \/>\nAyr\u0131lm\u0131\u015f ebeveynler de ilk \u00f6ncelikle yeni durumla nas\u0131l ba\u015fa \u00e7\u0131kacaklar\u0131n\u0131 \u00f6\u011frenmek zorundad\u0131rlar.<br \/>\n\u0130\u015fte bu durumlarda bizim dan\u0131\u015fma merkezlerimizin, ayr\u0131lma ve bo\u015fanma konusundaki tavsiyeleri sizlere yard\u0131mc\u0131 olacakt\u0131r.<br \/>\nMesela,<\/p>\n<ul>\n<li>siz ayr\u0131lm\u0131\u015f ebeveynler aras\u0131nda s\u00fcrekli kavgalar ya\u015fan\u0131yorsa,<\/li>\n<li>e\u011fer bir ya da daha fazla \u00e7ocu\u011fun kendi anne veya babas\u0131n\u0131n yan\u0131nda ya\u015famas\u0131na dair kurallar olu\u015fturulmas\u0131 gerekiyorsa,<\/li>\n<li>\u00e7ocuklar\u0131n yeti\u015ftirilmeleri ile ilgili ebeveynlerin anne babal\u0131k sorumlulu\u011fun payla\u015f\u0131lmas\u0131 konusundaki \u00f6nemli karar\u0131 birlikte nas\u0131l vermeleri s\u00f6z konusuysa,<\/li>\n<li>ayr\u0131lm\u0131\u015f ebeveynlerin di\u011fer aile bireylerinin \u00e7ocuklar\u0131yla iyi bir ileti\u015fim kurmalar\u0131 sa\u011flanmak isteniyorsa,<\/li>\n<li>e\u011fer yarg\u0131 sizi bu konulardaki kavgalar\u0131n\u0131za birlikte iyi bir \u00e7\u00f6z\u00fcm bulmak \u00fczere dan\u0131\u015fma merkezlerine y\u00f6nlendirmi\u015fse.<\/li>\n<\/ul>\n","protected":false},"excerpt":{"rendered":"<p>Ebeveynler \u00e7ok farkl\u0131 ki\u015filer olabilirler. Biz, e\u011fitim ve aile dan\u0131\u015fma merkezleri i\u00e7in Ebeveyn kavram\u0131n\u0131n anlam\u0131: \u00c7ocuklar\u0131n\u0131 birlikte ya da tek ba\u015flar\u0131na yeti\u015ftirmelerine bak\u0131lmaks\u0131z\u0131n Anne ve babalar Hen\u00fcz \u00e7ocuklar\u0131 do\u011fmam\u0131\u015f hamilelik&hellip; <a class=\"excerpt-more-link\" href=\"https:\/\/efb-berlin.de\/tr\/danismanlik-sistemimiz-nasil-calisiyor\/ebeveynler-veliler-icin\/\">Read More<\/a><\/p>\n","protected":false},"author":2,"featured_media":1578,"parent":1962,"menu_order":30,"comment_status":"closed","ping_status":"closed","template":"page-templates\/beratung-eltern.php","meta":{"_acf_changed":false,"footnotes":""},"class_list":["post-1965","page","type-page","status-publish","has-post-thumbnail","hentry"],"acf":[],"publishpress_future_workflow_manual_trigger":{"enabledWorkflows":[]},"_links":{"self":[{"href":"https:\/\/efb-berlin.de\/tr\/wp-json\/wp\/v2\/pages\/1965","targetHints":{"allow":["GET"]}}],"collection":[{"href":"https:\/\/efb-berlin.de\/tr\/wp-json\/wp\/v2\/pages"}],"about":[{"href":"https:\/\/efb-berlin.de\/tr\/wp-json\/wp\/v2\/types\/page"}],"author":[{"embeddable":true,"href":"https:\/\/efb-berlin.de\/tr\/wp-json\/wp\/v2\/users\/2"}],"replies":[{"embeddable":true,"href":"https:\/\/efb-berlin.de\/tr\/wp-json\/wp\/v2\/comments?post=1965"}],"version-history":[{"count":1,"href":"https:\/\/efb-berlin.de\/tr\/wp-json\/wp\/v2\/pages\/1965\/revisions"}],"predecessor-version":[{"id":1967,"href":"https:\/\/efb-berlin.de\/tr\/wp-json\/wp\/v2\/pages\/1965\/revisions\/1967"}],"up":[{"embeddable":true,"href":"https:\/\/efb-berlin.de\/tr\/wp-json\/wp\/v2\/pages\/1962"}],"wp:featuredmedia":[{"embeddable":true,"href":"https:\/\/efb-berlin.de\/tr\/wp-json\/wp\/v2\/media\/1578"}],"wp:attachment":[{"href":"https:\/\/efb-berlin.de\/tr\/wp-json\/wp\/v2\/media?parent=1965"}],"curies":[{"name":"wp","href":"https:\/\/api.w.org\/{rel}","templated":true}]}}